{"id":4795,"date":"2026-02-10T10:13:28","date_gmt":"2026-02-10T09:13:28","guid":{"rendered":"https:\/\/www.voceorgano.be\/?page_id=4795"},"modified":"2026-03-15T16:02:16","modified_gmt":"2026-03-15T15:02:16","slug":"programmation-2026","status":"publish","type":"page","link":"https:\/\/www.voceorgano.be\/nl\/programmation-2026\/","title":{"rendered":"Programmatie 2026"},"content":{"rendered":"<div class=\"wpb-content-wrapper\"><p>[vc_row row_type=&#8221;parallax&#8221; parallax_content_width=&#8221;full_width&#8221; text_align=&#8221;left&#8221; background_image=&#8221;4878&#8243; full_screen_section_height=&#8221;no&#8221; section_height=&#8221;428&#8243;][vc_column][\/vc_column][\/vc_row][vc_row css_animation=&#8221;&#8221; row_type=&#8221;row&#8221; use_row_as_full_screen_section=&#8221;no&#8221; type=&#8221;grid&#8221; angled_section=&#8221;no&#8221; text_align=&#8221;left&#8221; background_image_as_pattern=&#8221;without_pattern&#8221; z_index=&#8221;&#8221;][vc_column][vc_column_text css=&#8221;&#8221;][\/vc_column_text][vc_empty_space][vc_empty_space][vc_column_text css=&#8221;&#8221;]<\/p>\n<h2><strong>PROGRAMMATIE VOCE ET ORGANO 2026<\/strong><\/h2>\n<p>[\/vc_column_text][vc_empty_space][vc_column_text css=&#8221;&#8221;]<strong>&gt;&gt;&gt; 2 CONCERTEN OUDE MUZIEK IN ORP-LE-GRAND<\/strong><\/p>\n<p><strong>10\/04\/2026 ENSEMBLE UTOPIA| 17\/05\/2026 ENSEMBLE MARIGNAN<\/strong><\/p>\n<p>&nbsp;<\/p>\n<p>Het Thomasorgel en de oude muziek krijgen een ereplaats binnen de muren van de bijzondere kerk van de heiligen Martinus en Ad\u00e8le in Orp-Le-Grand. Met zijn emblematische architectuur en uitzonderlijke akoestiek leent deze kerk zich uitstekend voor concerten. Een uitnodiging om dit historisch erfgoed opnieuw te ontdekken. De muziek en de ruimte resoneren samen en bezorgen u een onvergetelijke immersieve ervaring.<\/p>\n<p>De concerten op 10 april en 17 mei in Orp-Le-Grand zijn een coproductie van de vzw\u2019s Voce et Organo en Les Orgues en Hesbaye als onderdeel van het Intra Muros-festival | in samenwerking met het Cultureel Centrum Jodoigne &amp; Orp-Jauche en het VVV-kantoor van Orp-Jauche<\/p>\n<p>[\/vc_column_text][vc_empty_space]<a  itemprop=\"url\" href=\"https:\/\/www.voceorgano.be\/nl\/tickets\/\" target=\"_self\"  class=\"qbutton  default\" style=\"\">TICKETS<\/a>[vc_empty_space][\/vc_column][\/vc_row][vc_row css_animation=&#8221;&#8221; row_type=&#8221;row&#8221; use_row_as_full_screen_section=&#8221;no&#8221; type=&#8221;grid&#8221; angled_section=&#8221;no&#8221; text_align=&#8221;left&#8221; background_image_as_pattern=&#8221;without_pattern&#8221; z_index=&#8221;&#8221;][vc_column][vc_separator type=&#8221;normal&#8221;][\/vc_column][\/vc_row][vc_row css_animation=&#8221;&#8221; row_type=&#8221;row&#8221; use_row_as_full_screen_section=&#8221;no&#8221; type=&#8221;grid&#8221; angled_section=&#8221;no&#8221; text_align=&#8221;left&#8221; background_image_as_pattern=&#8221;without_pattern&#8221; z_index=&#8221;&#8221;][vc_column width=&#8221;1\/2&#8243;][vc_empty_space height=&#8221;10px&#8221;][vc_single_image image=&#8221;2716&#8243; img_size=&#8221;350&#215;350&#8243; alignment=&#8221;center&#8221; style=&#8221;vc_box_circle_2&#8243; onclick=&#8221;link_image&#8221; css=&#8221;&#8221; qode_css_animation=&#8221;&#8221;][vc_empty_space height=&#8221;10px&#8221;][vc_single_image image=&#8221;4844&#8243; img_size=&#8221;350&#215;350&#8243; alignment=&#8221;center&#8221; style=&#8221;vc_box_circle_2&#8243; onclick=&#8221;link_image&#8221; css=&#8221;&#8221; qode_css_animation=&#8221;&#8221;][\/vc_column][vc_column width=&#8221;1\/2&#8243;][vc_column_text css=&#8221;&#8221;]<strong>&gt;&gt;&gt; Vrijdag 10 april <\/strong><strong>2026<\/strong><\/p>\n<p><strong>20u00 <\/strong><\/p>\n<p><strong>KERK SAINTS MARTIN ET ADELE<\/strong><\/p>\n<p><strong>1360 ORP-LE-GRAND<\/strong><\/p>\n<p>&nbsp;<\/p>\n<h1>THE SOUND OF BRUEGEL<\/h1>\n<p>&nbsp;<\/p>\n<p><strong>Ensemble UTOPIA<\/strong><\/p>\n<p><strong>Arnaud VAN DE CAUTER, orgel solo<\/strong><\/p>\n<p>&nbsp;<\/p>\n<p><em>Tel un kal\u00e9idoscope, le programme musical de cette soir\u00e9e est con\u00e7u afin de rendre l\u2019atmosph\u00e8re sonore contrast\u00e9e de ce que Pieter Bruegel a pu entendre et appr\u00e9cier de son vivant, le tout en r\u00e9sonance avec les th\u00e9matiques de quelques-uns de ses tableaux, projet\u00e9s dans l\u2019\u00e9glise\u00a0: la joie de vivre,\u00a0l\u2019amour, la mort, la religion. \u00a0Une v\u00e9ritable immersion dans l\u2019univers de l\u2019un des peintres les plus fascinants des Pays-Bas du XVIe si\u00e8cle, o\u00f9 le grand orgue Thomas, d\u2019esth\u00e9tique franco-flamande, nous surprendra encore par la vari\u00e9t\u00e9 de ses possibilit\u00e9s expressives.<\/em><\/p>\n<p><em>Les oeuvres vocales sont sign\u00e9es Clement Janequin, Jacob Obrecht, Nicolas Gombert&#8230; Elles alternent avec des oeuvres pour orgue parmi lesquelles une \u2018Danse braban\u00e7onne&#8217; tr\u00e8s typiquement \u2018brueg\u00e9lienne\u2019, extraite du manuscrit de Suzanne Van Soldt (Anvers, 1599), des extraits du Libro de cifra Nueva (1557) &#8211; une des sources majeures de la musique en usage \u00e0 la cour de Philippe II &#8211; et des chansons profanes interpr\u00e9t\u00e9es ici dans leur version pour orgue<\/em><\/p>\n<p>&nbsp;<\/p>\n<p>Werken van Janequin, Obrecht, Gombert, <em>Libro de Cifra Nueva <\/em>(1557), Ms. de Suzanne Van Soldt (1599)\u2026[\/vc_column_text][vc_empty_space height=&#8221;50px&#8221;][vc_empty_space height=&#8221;50px&#8221;][\/vc_column][\/vc_row][vc_row css_animation=&#8221;&#8221; row_type=&#8221;row&#8221; use_row_as_full_screen_section=&#8221;no&#8221; type=&#8221;grid&#8221; angled_section=&#8221;no&#8221; text_align=&#8221;left&#8221; background_image_as_pattern=&#8221;without_pattern&#8221; z_index=&#8221;&#8221;][vc_column width=&#8221;1\/2&#8243;][vc_empty_space height=&#8221;10px&#8221;][vc_single_image image=&#8221;4850&#8243; img_size=&#8221;350&#215;350&#8243; alignment=&#8221;center&#8221; style=&#8221;vc_box_circle_2&#8243; onclick=&#8221;link_image&#8221; css=&#8221;&#8221; qode_css_animation=&#8221;&#8221;][vc_empty_space height=&#8221;10px&#8221;][vc_single_image image=&#8221;2458&#8243; img_size=&#8221;350&#215;350&#8243; alignment=&#8221;center&#8221; style=&#8221;vc_box_circle_2&#8243; onclick=&#8221;link_image&#8221; css=&#8221;&#8221; qode_css_animation=&#8221;&#8221;][\/vc_column][vc_column width=&#8221;1\/2&#8243;][vc_column_text css=&#8221;&#8221;]<strong>&gt;&gt;&gt; Sondag 17 mei 2026<\/strong><\/p>\n<p><strong>17u00 <\/strong><\/p>\n<p><strong>KERK SAINTS MARTIN ET ADELE<\/strong><\/p>\n<p><strong>1360 ORP-LE-GRAND<\/strong><\/p>\n<p>&nbsp;<\/p>\n<h1>WEERSPIEGELINGEN VAN ITALI\u00cb &#8211; MONTEVERDI EN ZIJN TIJDGENOTEN<\/h1>\n<p>&nbsp;<\/p>\n<p><strong>Vocaal Ensemble MARIGNAN<\/strong><\/p>\n<p><strong>Jo\u00ebl HURARD, directie<\/strong><\/p>\n<p><strong>Instrumentaal Ensemble CONCERTO IMPERIALE<\/strong><\/p>\n<p><strong>Fabien MOULAERT, directie<\/strong><\/p>\n<p><strong>Pascale DOSSOGNE, orgel solo en continuo<\/strong><\/p>\n<p>&nbsp;<\/p>\n<p><em>Une invitation au c\u0153ur de l\u2019Italie du d\u00e9but du XVII\u1d49 si\u00e8cle, \u00e9poque d\u2019effervescence artistique o\u00f9 na\u00eet un langage musical nouveau. De la somptueuse \u00e9criture polychorale de Giovanni Gabrieli \u00e0 l\u2019intensit\u00e9 expressive de Claudio Monteverdi, les ch\u0153urs se d\u00e9ploieront sur les couleurs chatoyantes et contrast\u00e9es d\u2019un ensemble de sacqueboutes et de violons. Le grand orgue Thomas, joyau de l\u2019\u00e9glise d\u2019Orp-le-Grand, viendra parachever ce tableau en d\u00e9voilant l\u2019inventivit\u00e9 et l\u2019\u00e9loquence du r\u00e9pertoire pour clavier de Frescobaldi et l\u2019influence profonde qu\u2019il exer\u00e7a sur les compositeurs allemands.<\/em><\/p>\n<p>&nbsp;<\/p>\n<p>Werken van Gabrieli, Gesualdo, Monteverdi, Carissimi, Frescobaldi, Froberger\u2026[\/vc_column_text][vc_empty_space height=&#8221;10px&#8221;][\/vc_column][vc_column][vc_empty_space][\/vc_column][\/vc_row][vc_row css_animation=&#8221;&#8221; row_type=&#8221;row&#8221; use_row_as_full_screen_section=&#8221;no&#8221; type=&#8221;grid&#8221; angled_section=&#8221;no&#8221; text_align=&#8221;left&#8221; background_image_as_pattern=&#8221;without_pattern&#8221; z_index=&#8221;&#8221;][vc_column][vc_empty_space][\/vc_column][\/vc_row]<\/p>\n<\/div>","protected":false},"excerpt":{"rendered":"<p>[vc_row row_type=&#8221;parallax&#8221; parallax_content_width=&#8221;full_width&#8221; text_align=&#8221;left&#8221; background_image=&#8221;4878&#8243; full_screen_section_height=&#8221;no&#8221; section_height=&#8221;428&#8243;][vc_column][\/vc_column][\/vc_row][vc_row css_animation=&#8221;&#8221; row_type=&#8221;row&#8221; use_row_as_full_screen_section=&#8221;no&#8221; type=&#8221;grid&#8221; angled_section=&#8221;no&#8221; text_align=&#8221;left&#8221; background_image_as_pattern=&#8221;without_pattern&#8221; z_index=&#8221;&#8221;][vc_column][vc_column_text css=&#8221;&#8221;][\/vc_column_text][vc_empty_space][vc_empty_space][vc_column_text css=&#8221;&#8221;] PROGRAMMATIE VOCE ET ORGANO 2026 [\/vc_column_text][vc_empty_space][vc_column_text css=&#8221;&#8221;]&gt;&gt;&gt; 2 CONCERTEN OUDE MUZIEK IN ORP-LE-GRAND 10\/04\/2026 ENSEMBLE UTOPIA| 17\/05\/2026 ENSEMBLE MARIGNAN &nbsp; Het Thomasorgel en de oude muziek krijgen een&#8230;<\/p>\n","protected":false},"author":1,"featured_media":0,"parent":0,"menu_order":0,"comment_status":"closed","ping_status":"closed","template":"full_width.php","meta":{"footnotes":""},"class_list":["post-4795","page","type-page","status-publish","hentry"],"_links":{"self":[{"href":"https:\/\/www.voceorgano.be\/nl\/wp-json\/wp\/v2\/pages\/4795","targetHints":{"allow":["GET"]}}],"collection":[{"href":"https:\/\/www.voceorgano.be\/nl\/wp-json\/wp\/v2\/pages"}],"about":[{"href":"https:\/\/www.voceorgano.be\/nl\/wp-json\/wp\/v2\/types\/page"}],"author":[{"embeddable":true,"href":"https:\/\/www.voceorgano.be\/nl\/wp-json\/wp\/v2\/users\/1"}],"replies":[{"embeddable":true,"href":"https:\/\/www.voceorgano.be\/nl\/wp-json\/wp\/v2\/comments?post=4795"}],"version-history":[{"count":11,"href":"https:\/\/www.voceorgano.be\/nl\/wp-json\/wp\/v2\/pages\/4795\/revisions"}],"predecessor-version":[{"id":4911,"href":"https:\/\/www.voceorgano.be\/nl\/wp-json\/wp\/v2\/pages\/4795\/revisions\/4911"}],"wp:attachment":[{"href":"https:\/\/www.voceorgano.be\/nl\/wp-json\/wp\/v2\/media?parent=4795"}],"curies":[{"name":"wp","href":"https:\/\/api.w.org\/{rel}","templated":true}]}}